{"id":12174,"date":"2016-09-22T03:13:06","date_gmt":"2016-09-22T03:13:06","guid":{"rendered":"http:\/\/www.ivanabeaumond.com.br\/vestidos-noiva\/?page_id=12174"},"modified":"2018-02-09T02:23:11","modified_gmt":"2018-02-09T04:23:11","slug":"depoimentos","status":"publish","type":"page","link":"https:\/\/www.ivanabeaumond.com.br\/vestidos-noiva\/depoimentos\/","title":{"rendered":"DEPOIMENTOS"},"content":{"rendered":"[vc_row][vc_column width=&#8221;1\/1&#8243;][vc_row_inner][vc_column_inner width=&#8221;1\/4&#8243;][\/vc_column_inner][vc_column_inner width=&#8221;1\/2&#8243;][vc_column_text]\n<h2 style=\"text-align: center;\">DEPOIMENTOS<\/h2>\n[\/vc_column_text][vc_separator type=&#8221;normal&#8221; position=&#8221;center&#8221; up=&#8221;5&#8243; down=&#8221;40&#8243;][\/vc_column_inner][vc_column_inner width=&#8221;1\/4&#8243;][\/vc_column_inner][\/vc_row_inner][vc_column_text]\n<h4 style=\"text-align: left;\">Deixe um depoimento sobre a sua experi\u00eancia com a Ivana Beaumond Moda Noiva<\/h4>\n[\/vc_column_text][vc_row_inner][vc_column_inner width=&#8221;2\/3&#8243;][vc_empty_space height=&#8221;20px&#8221;]<p class=\"wpcf7-contact-form-not-found\"><strong>Erro:<\/strong> Formul\u00e1rio de contato n\u00e3o encontrado.<\/p>[vc_empty_space height=&#8221;10px&#8221;][\/vc_column_inner][vc_column_inner width=&#8221;1\/3&#8243;][vc_empty_space height=&#8221;35px&#8221;][vc_gallery type=&#8221;flexslider_slide&#8221; interval=&#8221;5&#8243; images=&#8221;11214,9326,11809,9369&#8243; onclick=&#8221;link_no&#8221; custom_links_target=&#8221;_self&#8221; column_number=&#8221;2&#8243; img_size=&#8221;full&#8221;][\/vc_column_inner][\/vc_row_inner][vc_row_inner][vc_column_inner width=&#8221;1\/2&#8243;]<div class=\"testimonials_holder clearfix\"><div class=\"testimonials transparent\"><div class=\"testimonial_container\"><div id=\"testimonials12175\" class=\"testimonial_content\"><div class=\"testimonial_text_holder\"><div class=\"testimonial_text_inner\" style=\"\"><p style=\"\">\"Genteeeeeeee essa mulher \u00e9 10, 100 1000000000000000000000, dia da noiva maravilhoso, minha filha ficou linda.... ela \u00e9 decidida, mulher como poucas.. Que faz e n\u00e3o fica s\u00f3 na fala...e ainda por cima resolve problemas num piscar de olhos.\"<\/p><span class=\"testimonial_name\" style=\"\">Rosana<span class=\"author_desc\" style=\"\"><\/span><\/span><\/div><\/div><\/div><\/div><ul class=\"testimonial_nav\"><li><a href=\"#testimonials12175\"><\/a><\/li><\/ul><\/div><\/div><div class=\"testimonials_holder clearfix\"><div class=\"testimonials transparent\"><div class=\"testimonial_container\"><div id=\"testimonials12179\" class=\"testimonial_content\"><div class=\"testimonial_text_holder\"><div class=\"testimonial_text_inner\" style=\"\"><p style=\"\">\"Querida Ivana, \r\nN\u00e3o poderia deixar de registrar o meu agradecimento e o da Manuela, pela aten\u00e7\u00e3o, carinho e excelente profissionalismo de sua equipe. Foi realmente uma experi\u00eancia muito boa e positiva, a tranquilidade nestes momentos de tens\u00e3o foi essencial. Mais uma vez, obrigada por tudo e at\u00e9 a pr\u00f3xima. \r\nBjs\"<\/p><span class=\"testimonial_name\" style=\"\">Ivanusa <span class=\"author_desc\" style=\"\"><\/span><\/span><\/div><\/div><\/div><\/div><ul class=\"testimonial_nav\"><li><a href=\"#testimonials12179\"><\/a><\/li><\/ul><\/div><\/div><div class=\"testimonials_holder clearfix\"><div class=\"testimonials transparent\"><div class=\"testimonial_container\"><div id=\"testimonials12180\" class=\"testimonial_content\"><div class=\"testimonial_text_holder\"><div class=\"testimonial_text_inner\" style=\"\"><p style=\"\">\"Ol\u00e1, Ivana Tudo bom? \r\nGostaria de agradecer por tudo!!!!! Voc\u00ea \u00e9 10000!!!! Se depender de mim seu trabalho ser\u00e1 super divulgado e indicado!!!! Um grande abra\u00e7o de uma noivinha feliz (agora casada).\"<\/p><span class=\"testimonial_name\" style=\"\">Nadjala Ribeiro<span class=\"author_desc\" style=\"\"><\/span><\/span><\/div><\/div><\/div><\/div><ul class=\"testimonial_nav\"><li><a href=\"#testimonials12180\"><\/a><\/li><\/ul><\/div><\/div><div class=\"testimonials_holder clearfix\"><div class=\"testimonials transparent\"><div class=\"testimonial_container\"><div id=\"testimonials12181\" class=\"testimonial_content\"><div class=\"testimonial_text_holder\"><div class=\"testimonial_text_inner\" style=\"\"><p style=\"\">\"Ivana, \r\nGostaria de agradecer pelo trabalho maravilhoso que fez no dia mais importante da minha vida! Seu talento e seu carinho foram muito importantes para tornar meu casamento ainda mais especial. Nunca mais esquecerei aquele dia. Espero que sua delicadeza, seu carinho, seu talento e sua alegria continuem fazendo noivas felizes. Hoje somos 3, nosso casamento nos rendeu um fruto lindo e perfeito, o Matheus. Estamos muito felizes! Muito obrigada mais uma vez!\r\nBeijos\"<\/p><span class=\"testimonial_name\" style=\"\">Helene e Matheus  <span class=\"author_desc\" style=\"\"><\/span><\/span><\/div><\/div><\/div><\/div><ul class=\"testimonial_nav\"><li><a href=\"#testimonials12181\"><\/a><\/li><\/ul><\/div><\/div><div class=\"testimonials_holder clearfix\"><div class=\"testimonials transparent\"><div class=\"testimonial_container\"><div id=\"testimonials12182\" class=\"testimonial_content\"><div class=\"testimonial_text_holder\"><div class=\"testimonial_text_inner\" style=\"\"><p style=\"\">\"Querida Ivana,\r\nObrigada por toda a paci\u00eancia, carinho e aten\u00e7\u00e3o que voc\u00ea teve comigo durante toda a prepara\u00e7\u00e3o do casamento e principalmente no dia !!!!!!!!\r\nQuero que saiba o quanto seu trabalho foi elogiado durante toda a festa, todos diziam que eu parecia uma princesa, no que depender de mim, todas as minhas amigas v\u00e3o te procurar !!!!!!!\r\nQuando as fotos ficarem prontas, vou te mandar v\u00e1rias c\u00f3pias !!!!!\r\nBeijos\"<\/p><span class=\"testimonial_name\" style=\"\">Mariana<span class=\"author_desc\" style=\"\"><\/span><\/span><\/div><\/div><\/div><\/div><ul class=\"testimonial_nav\"><li><a href=\"#testimonials12182\"><\/a><\/li><\/ul><\/div><\/div><div class=\"testimonials_holder clearfix\"><div class=\"testimonials transparent\"><div class=\"testimonial_container\"><div id=\"testimonials12197\" class=\"testimonial_content\"><div class=\"testimonial_text_holder\"><div class=\"testimonial_text_inner\" style=\"\"><p style=\"\">\"Ol\u00e1 Ivana,Bom Dia! Tudo bem?\r\nGostaria de agradecer a aten\u00e7\u00e3o dispensada \r\nParab\u00e9ns para voc\u00ea e sua equipe.\r\nCaso queira as fotos, \u00e9 s\u00f3 me avisar que eu mando.\r\nBjs\"<\/p><span class=\"testimonial_name\" style=\"\">Clara<span class=\"author_desc\" style=\"\"><\/span><\/span><\/div><\/div><\/div><\/div><ul class=\"testimonial_nav\"><li><a href=\"#testimonials12197\"><\/a><\/li><\/ul><\/div><\/div><div class=\"testimonials_holder clearfix\"><div class=\"testimonials transparent\"><div class=\"testimonial_container\"><div id=\"testimonials12198\" class=\"testimonial_content\"><div class=\"testimonial_text_holder\"><div class=\"testimonial_text_inner\" style=\"\"><p style=\"\">\"Oi Ivana, \r\nDesculpe a demora, mas s\u00f3 agora consegui te escrever !\r\nQueria te agradecer pelo dia maravilhoso que passamos no seu atelier e por todas as profissionais que estavam l\u00e1 al\u00e9m de voc\u00ea que nos trataram de uma forma t\u00e3o especial.\r\nFoi um dia incr\u00edvel!! Todas amaram e s\u00f3 rasgaram elogios...\r\nMuito obrigada por tudo !!\"<\/p><span class=\"testimonial_name\" style=\"\">Renata<span class=\"author_desc\" style=\"\"><\/span><\/span><\/div><\/div><\/div><\/div><ul class=\"testimonial_nav\"><li><a href=\"#testimonials12198\"><\/a><\/li><\/ul><\/div><\/div><div class=\"testimonials_holder clearfix\"><div class=\"testimonials transparent\"><div class=\"testimonial_container\"><div id=\"testimonials12199\" class=\"testimonial_content\"><div class=\"testimonial_text_holder\"><div class=\"testimonial_text_inner\" style=\"\"><p style=\"\">\"Bom dia!\r\nPrimeiro de tudo gostaria imensamente de agradecer o trabalho de voc\u00eas! Me senti uma rainha no meu grande dia! rs . Obrigada pela dedica\u00e7\u00e3o e pelo trabalho s\u00e9rio. Fiquei muito feliz com o resultado final. Me passou uma tranquilidade...e a qualidade do trabalho nem se fala! \r\nUm Bj enorme! \r\nObrigada pelo maravilhoso trabalho! \r\nAbra\u00e7os\"<\/p><span class=\"testimonial_name\" style=\"\">Alessandra Alves<span class=\"author_desc\" style=\"\"><\/span><\/span><\/div><\/div><\/div><\/div><ul class=\"testimonial_nav\"><li><a href=\"#testimonials12199\"><\/a><\/li><\/ul><\/div><\/div><div class=\"testimonials_holder clearfix\"><div class=\"testimonials transparent\"><div class=\"testimonial_container\"><div id=\"testimonials12200\" class=\"testimonial_content\"><div class=\"testimonial_text_holder\"><div class=\"testimonial_text_inner\" style=\"\"><p style=\"\">\"Ivana! \r\nQue bom receber as fotos est\u00e3o lindas!\r\nComigo tudo \u00f3timo ontem fiquei mais velhinha fiz um jantar s\u00f3 para a fam\u00edlia e ficamos assistindo ao DVD !  Vc aparece v\u00e1rias vezes!!!! Chiqu\u00e9rrima!\r\nE vc como est\u00e1???\r\nSe depender das minhas amigas vc ter\u00e1 muito trabalho a partir do Julho!!!!  \r\nMuitos beijos\"<\/p><span class=\"testimonial_name\" style=\"\">Paty<span class=\"author_desc\" style=\"\"><\/span><\/span><\/div><\/div><\/div><\/div><ul class=\"testimonial_nav\"><li><a href=\"#testimonials12200\"><\/a><\/li><\/ul><\/div><\/div><div class=\"testimonials_holder clearfix\"><div class=\"testimonials transparent\"><div class=\"testimonial_container\"><div id=\"testimonials12201\" class=\"testimonial_content\"><div class=\"testimonial_text_holder\"><div class=\"testimonial_text_inner\" style=\"\"><p style=\"\">\"Ivana e equipe,\r\nQuero agradecer imensamente o trabalho que vcs tiveram comigo no meu casamento, equipe, ultra profissional!  Adorei o trabalho, at\u00e9 hoje s\u00f3 tenho elogios, todos dizem que fui uma noiva linda, linda, linda... h\u00e1 ! Fiz o maior sucesso em Copacabana, tive at\u00e9 outra proposta de casamento... hehehehe...  Fiz tanto sucesso que tirei foto at\u00e9 com gringos, acredita ?\r\nE esse m\u00e9rito \u00e9 todo de vcs.\r\nvcs est\u00e3o de parab\u00e9ns pelo profissionalismo e compet\u00eancia.\r\nMeu muito obrigado !\r\nE mil bjinhus...\"<\/p><span class=\"testimonial_name\" style=\"\">Barbara Borges<span class=\"author_desc\" style=\"\"><\/span><\/span><\/div><\/div><\/div><\/div><ul class=\"testimonial_nav\"><li><a href=\"#testimonials12201\"><\/a><\/li><\/ul><\/div><\/div><div class=\"testimonials_holder clearfix\"><div class=\"testimonials transparent\"><div class=\"testimonial_container\"><div id=\"testimonials12202\" class=\"testimonial_content\"><div class=\"testimonial_text_holder\"><div class=\"testimonial_text_inner\" style=\"\"><p style=\"\">\"IVANA,\r\nVC FOI UMA DAS MELHORES PESSOAS QUE CONHECI.\r\nPROFISSIONAL SUPER COMPETENTE.\r\nVC FOI UMA DAS RESPONSAVEIS P\/FESTA DA MINHA FILHA TER SIDO UM SUCESSO..\r\nPARAB\u00c9NS A VC E SUA EQUIPE.\r\nUM BJ.\"<\/p><span class=\"testimonial_name\" style=\"\">ELIETE SANTOS<span class=\"author_desc\" style=\"\"><\/span><\/span><\/div><\/div><\/div><\/div><ul class=\"testimonial_nav\"><li><a href=\"#testimonials12202\"><\/a><\/li><\/ul><\/div><\/div><div class=\"testimonials_holder clearfix\"><div class=\"testimonials transparent\"><div class=\"testimonial_container\"><div id=\"testimonials12203\" class=\"testimonial_content\"><div class=\"testimonial_text_holder\"><div class=\"testimonial_text_inner\" style=\"\"><p style=\"\">\"Ol\u00e1 Ivana!\r\nEm 1\u00ba lugar, gostaria de agradecer a Deus por tudo que Ele vem aben\u00e7oando a mim e ao Ricardo e em 2\u00ba lugar por voc\u00ea ter me proporcionado um momento inesquec\u00edvel e agrade\u00e7o tamb\u00e9m toda a sua equipe pelo carinho que deram a mim e a minha m\u00e3e. \r\nParab\u00e9ns pelo o seu trabalho.\r\nBeijos\"<\/p><span class=\"testimonial_name\" style=\"\">Kelly & Ricardo<span class=\"author_desc\" style=\"\"><\/span><\/span><\/div><\/div><\/div><\/div><ul class=\"testimonial_nav\"><li><a href=\"#testimonials12203\"><\/a><\/li><\/ul><\/div><\/div><div class=\"testimonials_holder clearfix\"><div class=\"testimonials transparent\"><div class=\"testimonial_container\"><div id=\"testimonials14049\" class=\"testimonial_content\"><div class=\"testimonial_text_holder\"><div class=\"testimonial_text_inner\" style=\"\"><p style=\"\">\"Nossa n\u00e3o sei nem como agradecer, nossa festa foi um sucesso, sem falar no meu vestido, todos amaram, aqui comigo s\u00f3 tenho as fotos n\u00e3o oficiais ainda, pois as do fot\u00f3grafo n\u00e3o tive tempo ainda de ir buscar, mas mesmo assim estou encaminhando algumas.\"<\/p><span class=\"testimonial_name\" style=\"\">Luzirene Marques<span class=\"author_desc\" style=\"\"><\/span><\/span><\/div><\/div><\/div><\/div><ul class=\"testimonial_nav\"><li><a href=\"#testimonials14049\"><\/a><\/li><\/ul><\/div><\/div><div class=\"testimonials_holder clearfix\"><div class=\"testimonials transparent\"><div class=\"testimonial_container\"><div id=\"testimonials14052\" class=\"testimonial_content\"><div class=\"testimonial_text_holder\"><div class=\"testimonial_text_inner\" style=\"\"><p style=\"\">\"Maravilhoso. Super indico ! Vestidos diferenciados e \u00f3tima qualidade. O atendimento tambem \u00e9 muito bom. Meu vestido ficou incr\u00edvel. Estou muito feliz e satisfeita com minha escolha . Aluguei no atelier da Tijuca.\"<\/p><span class=\"testimonial_name\" style=\"\">Camila Coimbra<span class=\"author_desc\" style=\"\"><\/span><\/span><\/div><\/div><\/div><\/div><ul class=\"testimonial_nav\"><li><a href=\"#testimonials14052\"><\/a><\/li><\/ul><\/div><\/div><div class=\"testimonials_holder clearfix\"><div class=\"testimonials transparent\"><div class=\"testimonial_container\"><div id=\"testimonials14056\" class=\"testimonial_content\"><div class=\"testimonial_text_holder\"><div class=\"testimonial_text_inner\" style=\"\"><p style=\"\">\"\u00d3timo atendimento. Super atenciosos e colocaram o vestido do jeitinho que eu queria. Recomendo bastante e o pre\u00e7o est\u00e1 dentro da m\u00e9dia. Todos amaram o vestido e al\u00e9m de tudo o material tamb\u00e9m \u00e9 \u00f3timo. Super recomendo.\"<\/p><span class=\"testimonial_name\" style=\"\">Mariana Peres<span class=\"author_desc\" style=\"\"><\/span><\/span><\/div><\/div><\/div><\/div><ul class=\"testimonial_nav\"><li><a href=\"#testimonials14056\"><\/a><\/li><\/ul><\/div><\/div>[\/vc_column_inner][vc_column_inner width=&#8221;1\/2&#8243;]<div class=\"testimonials_holder clearfix\"><div class=\"testimonials transparent\"><div class=\"testimonial_container\"><div id=\"testimonials12204\" class=\"testimonial_content\"><div class=\"testimonial_text_holder\"><div class=\"testimonial_text_inner\" style=\"\"><p style=\"\">\"Ivana,\r\nMuito obrigada por tudo! Vc \u00e9 sensacional!!!\r\n Meu dia da noiva foi maravilhoso, gra\u00e7as a vc. Tudo saiu Perfeito!!!  Amei meu penteado, minha maquiagem e sua aten\u00e7\u00e3o mais do que especial na minha festa. Vc \u00e9 10! Vou te indicar a todas as minhas amigas.\r\nBjo enorme!!!!!!!!!!!!!\"<\/p><span class=\"testimonial_name\" style=\"\">Kareen<span class=\"author_desc\" style=\"\"><\/span><\/span><\/div><\/div><\/div><\/div><ul class=\"testimonial_nav\"><li><a href=\"#testimonials12204\"><\/a><\/li><\/ul><\/div><\/div><div class=\"testimonials_holder clearfix\"><div class=\"testimonials transparent\"><div class=\"testimonial_container\"><div id=\"testimonials12205\" class=\"testimonial_content\"><div class=\"testimonial_text_holder\"><div class=\"testimonial_text_inner\" style=\"\"><p style=\"\">\"Ivana,\r\nFiquei muito feliz pelo seu novo Atelier. Te desejo toda felicidade e sorte o mundo.\r\nPara vcs que participaram de um dos dias mais feliz da minha vida,\r\no anivers\u00e1rio da minha filha Magda.\r\nObrigada e Bjus\u2026a todos da equipe.\r\nObs\u2026espero que nos encontremos em breve.\"<\/p><span class=\"testimonial_name\" style=\"\">Eliane Antunes <span class=\"author_desc\" style=\"\"><\/span><\/span><\/div><\/div><\/div><\/div><ul class=\"testimonial_nav\"><li><a href=\"#testimonials12205\"><\/a><\/li><\/ul><\/div><\/div><div class=\"testimonials_holder clearfix\"><div class=\"testimonials transparent\"><div class=\"testimonial_container\"><div id=\"testimonials12206\" class=\"testimonial_content\"><div class=\"testimonial_text_holder\"><div class=\"testimonial_text_inner\" style=\"\"><p style=\"\">\"Ivana, \r\nmuito obrigada por tudo! Vc \u00e9 sensacional!!! Meu dia foi maravilhoso, gra\u00e7as \u00e0 vc. Tudo saiu perfeito!!! Amei meu penteado, minha maquiagem e sua aten\u00e7\u00e3o mais do que especial na minha festa. Vc \u00e9 10! Vou te indicar a todas as minhas amigas.\r\nBjo enorme!!!!!!!!!!!!!\"<\/p><span class=\"testimonial_name\" style=\"\">Kareen e J\u00fanior<span class=\"author_desc\" style=\"\"><\/span><\/span><\/div><\/div><\/div><\/div><ul class=\"testimonial_nav\"><li><a href=\"#testimonials12206\"><\/a><\/li><\/ul><\/div><\/div><div class=\"testimonials_holder clearfix\"><div class=\"testimonials transparent\"><div class=\"testimonial_container\"><div id=\"testimonials12207\" class=\"testimonial_content\"><div class=\"testimonial_text_holder\"><div class=\"testimonial_text_inner\" style=\"\"><p style=\"\">\"Ol\u00e1 Ivana.\r\nO que dizer para vc e toda sua equipe?\r\nQue vcs s\u00e3o maravilhosos!!\r\nObrigada por tudo e aguardo minha foto no \u00e1lbum.\r\nBjksss e obrigada.\"<\/p><span class=\"testimonial_name\" style=\"\">Livia Marques<span class=\"author_desc\" style=\"\"><\/span><\/span><\/div><\/div><\/div><\/div><ul class=\"testimonial_nav\"><li><a href=\"#testimonials12207\"><\/a><\/li><\/ul><\/div><\/div><div class=\"testimonials_holder clearfix\"><div class=\"testimonials transparent\"><div class=\"testimonial_container\"><div id=\"testimonials12208\" class=\"testimonial_content\"><div class=\"testimonial_text_holder\"><div class=\"testimonial_text_inner\" style=\"\"><p style=\"\">\"Ivana...\r\nPassei por aqui para deixar meu agradecimento registrado...\r\nVc e \"suas meninas\" fizeram um lindo trabalho...PERFEITO!!!!\r\nGostaria de agradecer n\u00e3o s\u00f3 pelo excelente trabalho, mas tamb\u00e9m pela simpatia e dedica\u00e7\u00e3o...\r\nQUE DEUS ILUMINE SEMPRE ESSA EQUIPE DE OURO!!!!!\r\nBjksss\"<\/p><span class=\"testimonial_name\" style=\"\">Cl\u00e1udia<span class=\"author_desc\" style=\"\"><\/span><\/span><\/div><\/div><\/div><\/div><ul class=\"testimonial_nav\"><li><a href=\"#testimonials12208\"><\/a><\/li><\/ul><\/div><\/div><div class=\"testimonials_holder clearfix\"><div class=\"testimonials transparent\"><div class=\"testimonial_container\"><div id=\"testimonials12209\" class=\"testimonial_content\"><div class=\"testimonial_text_holder\"><div class=\"testimonial_text_inner\" style=\"\"><p style=\"\">\"Boa tarde Ivana!\r\nMe casei ontem e gostaria de agradecer a vc e a toda equipe pela aten\u00e7\u00e3o e por me deixarem t\u00e3o linda!!! Fui \u00e0 noiva que sempre sonhei.\r\nMais uma vez OBRIGADA POR TUDO!!!!\r\nBjs\"<\/p><span class=\"testimonial_name\" style=\"\">Flavia Medeiros<span class=\"author_desc\" style=\"\"><\/span><\/span><\/div><\/div><\/div><\/div><ul class=\"testimonial_nav\"><li><a href=\"#testimonials12209\"><\/a><\/li><\/ul><\/div><\/div><div class=\"testimonials_holder clearfix\"><div class=\"testimonials transparent\"><div class=\"testimonial_container\"><div id=\"testimonials12210\" class=\"testimonial_content\"><div class=\"testimonial_text_holder\"><div class=\"testimonial_text_inner\" style=\"\"><p style=\"\">\"Querida Ivana,\r\nObrigada por toda a paci\u00eancia, carinho e aten\u00e7\u00e3o que voc\u00ea teve comigo durante toda a prepara\u00e7\u00e3o do casamento e principalmente no dia !!!!!!!!\r\nQuero que saiba o quanto seu trabalho foi elogiado durante toda a festa, todos diziam que eu parecia uma princesa, no que depender de mim, todas as minhas amigas v\u00e3o te procurar !!!!!!!\r\nQuando as fotos ficarem prontas, vou te mandar v\u00e1rias c\u00f3pias !!!!!\r\nBeijos\"<\/p><span class=\"testimonial_name\" style=\"\">Mariana Auler<span class=\"author_desc\" style=\"\"><\/span><\/span><\/div><\/div><\/div><\/div><ul class=\"testimonial_nav\"><li><a href=\"#testimonials12210\"><\/a><\/li><\/ul><\/div><\/div><div class=\"testimonials_holder clearfix\"><div class=\"testimonials transparent\"><div class=\"testimonial_container\"><div id=\"testimonials12211\" class=\"testimonial_content\"><div class=\"testimonial_text_holder\"><div class=\"testimonial_text_inner\" style=\"\"><p style=\"\">\"Bom dia!\r\nGostaria imensamente de agradecer o trabalho de voc\u00eas! \r\nMe senti uma Rainha no meu grande dia! rsrs\r\nObrigada pela dedica\u00e7\u00e3o e pelo trabalho s\u00e9rio. Fiquei muito feliz com o resultado final.\r\nObrigada pelo maravilhoso trabalho! \r\nAbra\u00e7os\"<\/p><span class=\"testimonial_name\" style=\"\">Alessandra<span class=\"author_desc\" style=\"\"><\/span><\/span><\/div><\/div><\/div><\/div><ul class=\"testimonial_nav\"><li><a href=\"#testimonials12211\"><\/a><\/li><\/ul><\/div><\/div><div class=\"testimonials_holder clearfix\"><div class=\"testimonials transparent\"><div class=\"testimonial_container\"><div id=\"testimonials12212\" class=\"testimonial_content\"><div class=\"testimonial_text_holder\"><div class=\"testimonial_text_inner\" style=\"\"><p style=\"\">\"Boa tarde Ivana!\r\nMe casei ontem e gostaria de agradecer a vc e a toda equipe pela aten\u00e7\u00e3o e por me deixarem t\u00e3o linda!!! Fui a noiva que sempre sonhei.\r\nMais uma vez OBRIGADA POR TUDO!!!!\r\nBjs\"<\/p><span class=\"testimonial_name\" style=\"\">Flavia<span class=\"author_desc\" style=\"\"><\/span><\/span><\/div><\/div><\/div><\/div><ul class=\"testimonial_nav\"><li><a href=\"#testimonials12212\"><\/a><\/li><\/ul><\/div><\/div><div class=\"testimonials_holder clearfix\"><div class=\"testimonials transparent\"><div class=\"testimonial_container\"><div id=\"testimonials12213\" class=\"testimonial_content\"><div class=\"testimonial_text_holder\"><div class=\"testimonial_text_inner\" style=\"\"><p style=\"\">\"Ol\u00e1 Ivana, Bom Dia! Tudo bem?\r\nGostaria de agradecer a aten\u00e7\u00e3o dispensada. Parab\u00e9ns para voc\u00ea e sua equipe.\r\nBjs\"<\/p><span class=\"testimonial_name\" style=\"\">Clara<span class=\"author_desc\" style=\"\"><\/span><\/span><\/div><\/div><\/div><\/div><ul class=\"testimonial_nav\"><li><a href=\"#testimonials12213\"><\/a><\/li><\/ul><\/div><\/div><div class=\"testimonials_holder clearfix\"><div class=\"testimonials transparent\"><div class=\"testimonial_container\"><div id=\"testimonials12214\" class=\"testimonial_content\"><div class=\"testimonial_text_holder\"><div class=\"testimonial_text_inner\" style=\"\"><p style=\"\">\"Querida Ivana,\r\nN\u00e3o poderia deixar de registrar o meu agradecimento e o da Manuela, pela aten\u00e7\u00e3o, Carinho e excelente profissionalismo de sua equipe.\r\nFoi realmente uma experi\u00eancia muito boa e positiva, a tranquilidade nestes momentos de tens\u00e3o foi essencial.\r\n Mais uma vez, obrigada por tudo e at\u00e9 a pr\u00f3xima. \r\nBjs\"<\/p><span class=\"testimonial_name\" style=\"\">Ivana Bras\u00e3o<span class=\"author_desc\" style=\"\"><\/span><\/span><\/div><\/div><\/div><\/div><ul class=\"testimonial_nav\"><li><a href=\"#testimonials12214\"><\/a><\/li><\/ul><\/div><\/div><div class=\"testimonials_holder clearfix\"><div class=\"testimonials transparent\"><div class=\"testimonial_container\"><div id=\"testimonials12215\" class=\"testimonial_content\"><div class=\"testimonial_text_holder\"><div class=\"testimonial_text_inner\" style=\"\"><p style=\"\">\"Oi Ivana,\r\nFui sua primeira noiva do ano (5 de janeiro), lembra?\r\nGostaria de agradecer todo o trabalho e de sua equipe. Todos elogiaram muito a maquiagem, o cabelo, enfim estava tudo perfeito.\r\nObrigada por tudo.\r\nBeijos\"<\/p><span class=\"testimonial_name\" style=\"\">Heliana Figueiredo Martins<span class=\"author_desc\" style=\"\"><\/span><\/span><\/div><\/div><\/div><\/div><ul class=\"testimonial_nav\"><li><a href=\"#testimonials12215\"><\/a><\/li><\/ul><\/div><\/div><div class=\"testimonials_holder clearfix\"><div class=\"testimonials transparent\"><div class=\"testimonial_container\"><div id=\"testimonials14050\" class=\"testimonial_content\"><div class=\"testimonial_text_holder\"><div class=\"testimonial_text_inner\" style=\"\"><p style=\"\">\"Ganhei o vestido da minha m\u00e3e. E tudo foi tratado diretamente com o estilista Roni na filial da Tijuca. Confesso que fui uma noiva meio dif\u00edcil pois queria um vestido com toques de azul e uma renda com flores muito pequenas. Ele foi extremamente atencioso e tentou resolver tudo da melhor forma poss\u00edvel. A modelista Aline tamb\u00e9m sempre muito sol\u00edcita. A equipe \u00e9 \u00f3tima!\"<\/p><span class=\"testimonial_name\" style=\"\">Aline Bougleux<span class=\"author_desc\" style=\"\"><\/span><\/span><\/div><\/div><\/div><\/div><ul class=\"testimonial_nav\"><li><a href=\"#testimonials14050\"><\/a><\/li><\/ul><\/div><\/div><div class=\"testimonials_holder clearfix\"><div class=\"testimonials transparent\"><div class=\"testimonial_container\"><div id=\"testimonials14054\" class=\"testimonial_content\"><div class=\"testimonial_text_holder\"><div class=\"testimonial_text_inner\" style=\"\"><p style=\"\">\"Nossa, sem palavras para descrever todo o profissionalismo de voc\u00eas! Muito obrigada por toda aten\u00e7\u00e3o e carinho, desde o primeiro contato! Amei tudo impec\u00e1vel! Que Deus aben\u00e7oe e muito sucesso sempre!\"<\/p><span class=\"testimonial_name\" style=\"\">Isana Pereira<span class=\"author_desc\" style=\"\"><\/span><\/span><\/div><\/div><\/div><\/div><ul class=\"testimonial_nav\"><li><a href=\"#testimonials14054\"><\/a><\/li><\/ul><\/div><\/div><div class=\"testimonials_holder clearfix\"><div class=\"testimonials transparent\"><div class=\"testimonial_container\"><div id=\"testimonials14057\" class=\"testimonial_content\"><div class=\"testimonial_text_holder\"><div class=\"testimonial_text_inner\" style=\"\"><p style=\"\">\"Fiquei muito satisfeita com a equipe da Tijuca, realizaram meu sonho. Nossa estou muito feliz com minha escolha, foi um dia de rainha. Obrigada em especial ao Estilista Roni. Obrigada equipe.\"<\/p><span class=\"testimonial_name\" style=\"\">Anna Luiza<span class=\"author_desc\" style=\"\"><\/span><\/span><\/div><\/div><\/div><\/div><ul class=\"testimonial_nav\"><li><a href=\"#testimonials14057\"><\/a><\/li><\/ul><\/div><\/div><div class=\"testimonials_holder clearfix\"><div class=\"testimonials transparent\"><div class=\"testimonial_container\"><div id=\"testimonials14097\" class=\"testimonial_content\"><div class=\"testimonial_text_holder\"><div class=\"testimonial_text_inner\" style=\"\"><p style=\"\">\"Meu casamento foi dia 11.11.17 e foi maravilhoso. Gostei muito do atendimento da loja em rela\u00e7\u00e3o ao aluguel do vestido, voc\u00eas sempre foram muito atenciosos. Sou grata por tudo. Gra\u00e7as a deus deu tudo certo.\"<\/p><span class=\"testimonial_name\" style=\"\">Thayane Martins<span class=\"author_desc\" style=\"\"><\/span><\/span><\/div><\/div><\/div><\/div><ul class=\"testimonial_nav\"><li><a href=\"#testimonials14097\"><\/a><\/li><\/ul><\/div><\/div>[\/vc_column_inner][\/vc_row_inner][vc_empty_space height=&#8221;20px&#8221;][\/vc_column][\/vc_row]\n","protected":false},"excerpt":{"rendered":"<p>[vc_row][vc_column width=&#8221;1\/1&#8243;][vc_row_inner][vc_column_inner width=&#8221;1\/4&#8243;][\/vc_column_inner][vc_column_inner width=&#8221;1\/2&#8243;][vc_column_text] DEPOIMENTOS [\/vc_column_text][vc_separator type=&#8221;normal&#8221; position=&#8221;center&#8221; up=&#8221;5&#8243; down=&#8221;40&#8243;][\/vc_column_inner][vc_column_inner&#8230;<\/p>\n","protected":false},"author":4,"featured_media":0,"parent":0,"menu_order":0,"comment_status":"open","ping_status":"open","template":"","meta":[],"yoast_head":"<!-- This site is optimized with the Yoast SEO plugin v20.3 - https:\/\/yoast.com\/wordpress\/plugins\/seo\/ -->\n<title>DEPOIMENTOS - Vestido de Noiva RJ<\/title>\n<meta name=\"robots\" content=\"index, follow, max-snippet:-1, max-image-preview:large, max-video-preview:-1\" \/>\n<link rel=\"canonical\" href=\"https:\/\/www.ivanabeaumond.com.br\/vestidos-noiva\/depoimentos\/\" \/>\n<meta property=\"og:locale\" content=\"pt_BR\" \/>\n<meta property=\"og:type\" content=\"article\" \/>\n<meta property=\"og:title\" content=\"DEPOIMENTOS - Vestido de Noiva RJ\" \/>\n<meta property=\"og:description\" content=\"[vc_row][vc_column width=&#8221;1\/1&#8243;][vc_row_inner][vc_column_inner width=&#8221;1\/4&#8243;][\/vc_column_inner][vc_column_inner width=&#8221;1\/2&#8243;][vc_column_text] DEPOIMENTOS [\/vc_column_text][vc_separator type=&#8221;normal&#8221; position=&#8221;center&#8221; up=&#8221;5&#8243; down=&#8221;40&#8243;][\/vc_column_inner][vc_column_inner...\" \/>\n<meta property=\"og:url\" content=\"https:\/\/www.ivanabeaumond.com.br\/vestidos-noiva\/depoimentos\/\" \/>\n<meta property=\"og:site_name\" content=\"Vestido de Noiva RJ\" \/>\n<meta property=\"article:publisher\" content=\"https:\/\/www.facebook.com\/ivana.beaumondnoivas\" \/>\n<meta property=\"article:modified_time\" content=\"2018-02-09T04:23:11+00:00\" \/>\n<meta name=\"twitter:card\" content=\"summary_large_image\" \/>\n<meta name=\"twitter:label1\" content=\"Est. tempo de leitura\" \/>\n\t<meta name=\"twitter:data1\" content=\"2 minutos\" \/>\n<script type=\"application\/ld+json\" class=\"yoast-schema-graph\">{\"@context\":\"https:\/\/schema.org\",\"@graph\":[{\"@type\":\"WebPage\",\"@id\":\"https:\/\/www.ivanabeaumond.com.br\/vestidos-noiva\/depoimentos\/\",\"url\":\"https:\/\/www.ivanabeaumond.com.br\/vestidos-noiva\/depoimentos\/\",\"name\":\"DEPOIMENTOS - Vestido de Noiva RJ\",\"isPartOf\":{\"@id\":\"https:\/\/www.ivanabeaumond.com.br\/vestidos-noiva\/#website\"},\"datePublished\":\"2016-09-22T03:13:06+00:00\",\"dateModified\":\"2018-02-09T04:23:11+00:00\",\"breadcrumb\":{\"@id\":\"https:\/\/www.ivanabeaumond.com.br\/vestidos-noiva\/depoimentos\/#breadcrumb\"},\"inLanguage\":\"pt-BR\",\"potentialAction\":[{\"@type\":\"ReadAction\",\"target\":[\"https:\/\/www.ivanabeaumond.com.br\/vestidos-noiva\/depoimentos\/\"]}]},{\"@type\":\"BreadcrumbList\",\"@id\":\"https:\/\/www.ivanabeaumond.com.br\/vestidos-noiva\/depoimentos\/#breadcrumb\",\"itemListElement\":[{\"@type\":\"ListItem\",\"position\":1,\"name\":\"In\u00edcio\",\"item\":\"https:\/\/www.ivanabeaumond.com.br\/vestidos-noiva\/\"},{\"@type\":\"ListItem\",\"position\":2,\"name\":\"DEPOIMENTOS\"}]},{\"@type\":\"WebSite\",\"@id\":\"https:\/\/www.ivanabeaumond.com.br\/vestidos-noiva\/#website\",\"url\":\"https:\/\/www.ivanabeaumond.com.br\/vestidos-noiva\/\",\"name\":\"Vestido de Noiva RJ\",\"description\":\"Moda Noiva\",\"publisher\":{\"@id\":\"https:\/\/www.ivanabeaumond.com.br\/vestidos-noiva\/#organization\"},\"potentialAction\":[{\"@type\":\"SearchAction\",\"target\":{\"@type\":\"EntryPoint\",\"urlTemplate\":\"https:\/\/www.ivanabeaumond.com.br\/vestidos-noiva\/?s={search_term_string}\"},\"query-input\":\"required name=search_term_string\"}],\"inLanguage\":\"pt-BR\"},{\"@type\":\"Organization\",\"@id\":\"https:\/\/www.ivanabeaumond.com.br\/vestidos-noiva\/#organization\",\"name\":\"Vestido de Noiva RJ\",\"url\":\"https:\/\/www.ivanabeaumond.com.br\/vestidos-noiva\/\",\"logo\":{\"@type\":\"ImageObject\",\"inLanguage\":\"pt-BR\",\"@id\":\"https:\/\/www.ivanabeaumond.com.br\/vestidos-noiva\/#\/schema\/logo\/image\/\",\"url\":\"https:\/\/www.ivanabeaumond.com.br\/vestidos-noiva\/wp-content\/uploads\/2018\/02\/logo_ivana_beaumond-2.png\",\"contentUrl\":\"https:\/\/www.ivanabeaumond.com.br\/vestidos-noiva\/wp-content\/uploads\/2018\/02\/logo_ivana_beaumond-2.png\",\"width\":230,\"height\":112,\"caption\":\"Vestido de Noiva RJ\"},\"image\":{\"@id\":\"https:\/\/www.ivanabeaumond.com.br\/vestidos-noiva\/#\/schema\/logo\/image\/\"},\"sameAs\":[\"https:\/\/www.facebook.com\/ivana.beaumondnoivas\",\"https:\/\/www.instagram.com\/ivanabeaumond\/\",\"https:\/\/www.tiktok.com\/@ivanabeaumond\"]}]}<\/script>\n<!-- \/ Yoast SEO plugin. -->","yoast_head_json":{"title":"DEPOIMENTOS - Vestido de Noiva RJ","robots":{"index":"index","follow":"follow","max-snippet":"max-snippet:-1","max-image-preview":"max-image-preview:large","max-video-preview":"max-video-preview:-1"},"canonical":"https:\/\/www.ivanabeaumond.com.br\/vestidos-noiva\/depoimentos\/","og_locale":"pt_BR","og_type":"article","og_title":"DEPOIMENTOS - Vestido de Noiva RJ","og_description":"[vc_row][vc_column width=&#8221;1\/1&#8243;][vc_row_inner][vc_column_inner width=&#8221;1\/4&#8243;][\/vc_column_inner][vc_column_inner width=&#8221;1\/2&#8243;][vc_column_text] DEPOIMENTOS [\/vc_column_text][vc_separator type=&#8221;normal&#8221; position=&#8221;center&#8221; up=&#8221;5&#8243; down=&#8221;40&#8243;][\/vc_column_inner][vc_column_inner...","og_url":"https:\/\/www.ivanabeaumond.com.br\/vestidos-noiva\/depoimentos\/","og_site_name":"Vestido de Noiva RJ","article_publisher":"https:\/\/www.facebook.com\/ivana.beaumondnoivas","article_modified_time":"2018-02-09T04:23:11+00:00","twitter_card":"summary_large_image","twitter_misc":{"Est. tempo de leitura":"2 minutos"},"schema":{"@context":"https:\/\/schema.org","@graph":[{"@type":"WebPage","@id":"https:\/\/www.ivanabeaumond.com.br\/vestidos-noiva\/depoimentos\/","url":"https:\/\/www.ivanabeaumond.com.br\/vestidos-noiva\/depoimentos\/","name":"DEPOIMENTOS - Vestido de Noiva RJ","isPartOf":{"@id":"https:\/\/www.ivanabeaumond.com.br\/vestidos-noiva\/#website"},"datePublished":"2016-09-22T03:13:06+00:00","dateModified":"2018-02-09T04:23:11+00:00","breadcrumb":{"@id":"https:\/\/www.ivanabeaumond.com.br\/vestidos-noiva\/depoimentos\/#breadcrumb"},"inLanguage":"pt-BR","potentialAction":[{"@type":"ReadAction","target":["https:\/\/www.ivanabeaumond.com.br\/vestidos-noiva\/depoimentos\/"]}]},{"@type":"BreadcrumbList","@id":"https:\/\/www.ivanabeaumond.com.br\/vestidos-noiva\/depoimentos\/#breadcrumb","itemListElement":[{"@type":"ListItem","position":1,"name":"In\u00edcio","item":"https:\/\/www.ivanabeaumond.com.br\/vestidos-noiva\/"},{"@type":"ListItem","position":2,"name":"DEPOIMENTOS"}]},{"@type":"WebSite","@id":"https:\/\/www.ivanabeaumond.com.br\/vestidos-noiva\/#website","url":"https:\/\/www.ivanabeaumond.com.br\/vestidos-noiva\/","name":"Vestido de Noiva RJ","description":"Moda Noiva","publisher":{"@id":"https:\/\/www.ivanabeaumond.com.br\/vestidos-noiva\/#organization"},"potentialAction":[{"@type":"SearchAction","target":{"@type":"EntryPoint","urlTemplate":"https:\/\/www.ivanabeaumond.com.br\/vestidos-noiva\/?s={search_term_string}"},"query-input":"required name=search_term_string"}],"inLanguage":"pt-BR"},{"@type":"Organization","@id":"https:\/\/www.ivanabeaumond.com.br\/vestidos-noiva\/#organization","name":"Vestido de Noiva RJ","url":"https:\/\/www.ivanabeaumond.com.br\/vestidos-noiva\/","logo":{"@type":"ImageObject","inLanguage":"pt-BR","@id":"https:\/\/www.ivanabeaumond.com.br\/vestidos-noiva\/#\/schema\/logo\/image\/","url":"https:\/\/www.ivanabeaumond.com.br\/vestidos-noiva\/wp-content\/uploads\/2018\/02\/logo_ivana_beaumond-2.png","contentUrl":"https:\/\/www.ivanabeaumond.com.br\/vestidos-noiva\/wp-content\/uploads\/2018\/02\/logo_ivana_beaumond-2.png","width":230,"height":112,"caption":"Vestido de Noiva RJ"},"image":{"@id":"https:\/\/www.ivanabeaumond.com.br\/vestidos-noiva\/#\/schema\/logo\/image\/"},"sameAs":["https:\/\/www.facebook.com\/ivana.beaumondnoivas","https:\/\/www.instagram.com\/ivanabeaumond\/","https:\/\/www.tiktok.com\/@ivanabeaumond"]}]}},"_links":{"self":[{"href":"https:\/\/www.ivanabeaumond.com.br\/vestidos-noiva\/wp-json\/wp\/v2\/pages\/12174"}],"collection":[{"href":"https:\/\/www.ivanabeaumond.com.br\/vestidos-noiva\/wp-json\/wp\/v2\/pages"}],"about":[{"href":"https:\/\/www.ivanabeaumond.com.br\/vestidos-noiva\/wp-json\/wp\/v2\/types\/page"}],"author":[{"embeddable":true,"href":"https:\/\/www.ivanabeaumond.com.br\/vestidos-noiva\/wp-json\/wp\/v2\/users\/4"}],"replies":[{"embeddable":true,"href":"https:\/\/www.ivanabeaumond.com.br\/vestidos-noiva\/wp-json\/wp\/v2\/comments?post=12174"}],"version-history":[{"count":47,"href":"https:\/\/www.ivanabeaumond.com.br\/vestidos-noiva\/wp-json\/wp\/v2\/pages\/12174\/revisions"}],"predecessor-version":[{"id":14632,"href":"https:\/\/www.ivanabeaumond.com.br\/vestidos-noiva\/wp-json\/wp\/v2\/pages\/12174\/revisions\/14632"}],"wp:attachment":[{"href":"https:\/\/www.ivanabeaumond.com.br\/vestidos-noiva\/wp-json\/wp\/v2\/media?parent=12174"}],"curies":[{"name":"wp","href":"https:\/\/api.w.org\/{rel}","templated":true}]}}