{"id":15368,"date":"2018-09-11T14:34:38","date_gmt":"2018-09-11T17:34:38","guid":{"rendered":"http:\/\/www.ivanabeaumond.com.br\/vestidos-noiva\/?page_id=15368"},"modified":"2024-12-24T14:47:38","modified_gmt":"2024-12-24T17:47:38","slug":"home","status":"publish","type":"page","link":"https:\/\/www.ivanabeaumond.com.br\/vestidos-noiva\/","title":{"rendered":"HOME"},"content":{"rendered":"\t\t<div data-elementor-type=\"wp-page\" data-elementor-id=\"15368\" class=\"elementor elementor-15368\">\n\t\t\t\t\t\t\t\t\t<section class=\"elementor-section elementor-top-section elementor-element elementor-element-5001dc5f elementor-section-boxed elementor-section-height-default elementor-section-height-default\" data-id=\"5001dc5f\" data-element_type=\"section\">\n\t\t\t\t\t\t<div class=\"elementor-container elementor-column-gap-default\">\n\t\t\t\t\t<div class=\"elementor-column elementor-col-100 elementor-top-column elementor-element elementor-element-5b51df3d\" data-id=\"5b51df3d\" data-element_type=\"column\">\n\t\t\t<div class=\"elementor-widget-wrap elementor-element-populated\">\n\t\t\t\t\t\t\t\t<div class=\"elementor-element elementor-element-3599a92 elementor-widget elementor-widget-html\" data-id=\"3599a92\" data-element_type=\"widget\" data-widget_type=\"html.default\">\n\t\t\t\t<div class=\"elementor-widget-container\">\n\t\t\t\n<!-- The Modal -->\n<div id=\"modal\" class=\"subscribe-mmodal\">\n\n  <!-- Modal content -->\n  <div class=\"subscribe-mmodal-content\">\n    <span id=\"close-button-modal\" class=\"subscribe-mmodal-close\">&times;<\/span>\n    <div class=\"row\">\n    <a href=\"https:\/\/tintim.link\/whatsapp\/58d9e9fc-146a-48af-a017-ab5d01d0aefc\/e4b11e28-2bcf-4517-9118-ee8e0478ff18\" target=\"_blank\">\n        <img decoding=\"async\" src=\"https:\/\/www.ivanabeaumond.com.br\/vestidos-noiva\/wp-content\/uploads\/2023\/07\/homeimage-scaled.jpg\" alt=\"M\u00eas dos Namorados\">\n        <span>Clique aqui para Alugar<br>Vestidos de Noiva<\/span>\n    <\/a>\n    \n    <a href=\"https:\/\/tintim.link\/whatsapp\/58d9e9fc-146a-48af-a017-ab5d01d0aefc\/42606164-e99e-41c4-b4dc-cdbcf25100f6\" target=\"_blank\">\n        <img decoding=\"async\" src=\"https:\/\/www.ivanabeaumond.com.br\/vestidos-noiva\/wp-content\/uploads\/2023\/07\/vestido_debutante_preto_ivana_beaumond-scaled.jpg\">\n        <span>Clique aqui para Alugar<br>Vestidos de Debutantes<\/span>\n    <\/a>\n    <\/div>\n  <\/div>\n\n<\/div>\n\n<style>\n\/* The Modal (background) *\/\n.subscribe-mmodal {\n    opacity: 1;\n\t\tvisibility: visible;\n    display: flex;\n    align-items: center;\n    justify-content: center;\n    position: fixed;\n    z-index: 1;\n    left: 0;\n    top: 0;\n    width: 100%;\n    height: 100%;\n    overflow: hidden;\n    transition: all 500ms ease-in-out;\n    background-color: rgba(0, 0, 0, 0.5);\n    backdrop-filter: blur(5px);\n    -webkit-backdrop-filter: blur(5px);\n    -moz-backdrop-filter: blur(5px);\n}\n\n\/* Modal Content\/Box *\/\n.subscribe-mmodal-content {\n    display: flex;\n    flex-direction: column;\n    align-items: flex-start;\n    background-color: #fefefe;\n    \n    margin-top: 10%;\n    \n    width: 920px;\n    height: 70%;\n    border-radius: 5px;\n    z-index: 1000;\n    padding: 1rem;\n}\n\n.subscribe-mmodal-content img {\n    display: flex;\n    width: 390px;\n    height: 420px;\n    object-fit: cover;\n    border-radius: 5px;\n}\n\n.row {\n    display: flex;\n    flex-direction: row;\n    align-items: center;\n    justify-content: center;\n    width: calc(920px - 2rem);\n    gap: 1rem;\n}\n\n.row a {\n    display: flex;\n    width: 390px;\n    gap: 1rem;\n    flex-direction: column;\n    align-items: center;\n    justify-content: center;\n}\n\n.row a:hover {\n    filter: brightness(.8);\n}\n\n.row span {\n    display: flex;\n    align-items: center;\n    justify-content: center;\n    text-align: center;\n    padding: 5px 20px;\n    background-color: rgba(0,0,0,.6);\n    color: white;\n    \n    font-weight: bold;\n    \n    border-radius: 5px;\n    box-shadow: .1rem .1rem 1rem rgba(0,0,0,.5);\n    \n    backdrop-filter: blur(20px);\n    -webkit-backdrop-filter: blur(20px);\n    -moz-backdrop-filter: blur(20px);\n}\n\n\/* The Close Button *\/\n.subscribe-mmodal-close {\n    color: #aaa;\n    float: right;\n    margin-bottom: 1rem;\n    font-size: 24px;\n    font-weight: bold;\n}\n\n.subscribe-mmodal-close:hover,\n.subscribe-mmodal-close:focus {\n    color: black;\n    text-decoration: none;\n    cursor: pointer;\n}\n\n.subscribe-mmodal .is-closed {\n\tdisplay: none;\n}\nbody {\n\tbackground-color:#000;\n}\n\n@media (max-width: 720px) {\n\n.subscribe-mmodal-content {\n    display: flex;\n    flex-direction: column;\n    align-items: flex-start;\n    background-color: #fefefe;\n    \n    margin-top: 10%;\n    \n    width: 90vw;\n    height: 70vh;\n    border-radius: 5px;\n    z-index: 1000;\n    padding: 1rem;\n}\n\n.subscribe-mmodal-content img {\n    display: flex;\n    width: calc(45vw - 2rem);\n    height: calc(70vh - 2rem - 3rem - 60px);\n    object-fit: cover;\n    border-radius: 5px;\n}\n.row {\n    display: flex;\n    flex-direction: row;\n    align-items: center;\n    justify-content: center;\n    width: calc(90vw - 2rem);\n    calc(70vh - 2rem)\n    gap: 1rem;\n}\n\n.row a {\n    display: flex;\n    width: calc(45vw - 2rem);\n    height: calc(70vh - 2rem - 1rem - 60px);\n    gap: 1rem;\n    flex-direction: column;\n    align-items: center;\n    justify-content: center;\n}\n\n.row span {\n    display: flex;\n    align-items: center;\n    justify-content: center;\n    text-align: center;\n    padding: 5px 20px;\n    background-color: rgba(0,0,0,.6);\n    color: white;\n    \n    font-weight: bold;\n    \n    border-radius: 5px;\n    box-shadow: .1rem .1rem 1rem rgba(0,0,0,.5);\n    \n    backdrop-filter: blur(20px);\n    -webkit-backdrop-filter: blur(20px);\n    -moz-backdrop-filter: blur(20px);\n}\n\n    \n    .subscribe-mmodal-close {\n        width: 30px;\n        height: 30px;\n        font-size: 40px;\n        margin-top: 6px;\n    }\n}\n\n<\/style>\n\n<script>\nconst modal = document.getElementById('modal')\nconst modalCloseButton = document.getElementById('close-button-modal')\n\nfunction closeModal() {\n  modal.remove()\n}\n\nmodalCloseButton.addEventListener('click', () => {\n  closeModal()\n})\n\n<\/script>\t\t<\/div>\n\t\t\t\t<\/div>\n\t\t\t\t<div class=\"elementor-element elementor-element-5cdbeba elementor-widget elementor-widget-text-editor\" data-id=\"5cdbeba\" data-element_type=\"widget\" data-widget_type=\"text-editor.default\">\n\t\t\t\t<div class=\"elementor-widget-container\">\n\t\t\t<style>\/*! elementor - v3.13.0 - 08-05-2023 *\/\n.elementor-widget-text-editor.elementor-drop-cap-view-stacked .elementor-drop-cap{background-color:#69727d;color:#fff}.elementor-widget-text-editor.elementor-drop-cap-view-framed .elementor-drop-cap{color:#69727d;border:3px solid;background-color:transparent}.elementor-widget-text-editor:not(.elementor-drop-cap-view-default) .elementor-drop-cap{margin-top:8px}.elementor-widget-text-editor:not(.elementor-drop-cap-view-default) .elementor-drop-cap-letter{width:1em;height:1em}.elementor-widget-text-editor .elementor-drop-cap{float:left;text-align:center;line-height:1;font-size:50px}.elementor-widget-text-editor .elementor-drop-cap-letter{display:inline-block}<\/style>\t\t\t\t[vc_row full_height=&#8221;yes&#8221; equal_height=&#8221;yes&#8221; content_placement=&#8221;middle&#8221; css_animation=&#8221;element_from_top&#8221; text_align=&#8221;center&#8221; bg_type=&#8221;bg_color&#8221; bg_override=&#8221;full&#8221; css=&#8221;.vc_custom_1683553963137{background-color: #ffffe5 !important;}&#8221; bg_color_value=&#8221;#efefef&#8221; el_class=&#8221;card-area-home&#8221;][vc_column width=&#8221;1\/6&#8243; el_class=&#8221;image-card-home&#8221;][vc_column_text]\n<h1 style=\"text-align: center;\"><a href=\"https:\/\/www.ivanabeaumond.com.br\/vestidos-noiva\/vestidos-de-noiva-rj\/\"><span style=\"color: #a18300; font-size: 17px; line-height: 40px; font-weight: 300;\">VESTIDOS DE NOIVA<\/span><\/a><\/h1>\n[\/vc_column_text][vc_single_image image=&#8221;15372&#8243; img_size=&#8221;289&#215;362&#8243; alignment=&#8221;center&#8221; onclick=&#8221;custom_link&#8221; img_link_target=&#8221;_blank&#8221; css_animation=&#8221;fadeIn&#8221; link=&#8221;https:\/\/www.ivanabeaumond.com.br\/vestidos-noiva\/vestidos-de-noiva-rj\/&#8221; css=&#8221;.vc_custom_1683138718018{border-radius: 5px !important;}&#8221;][vc_empty_space height=&#8221;20px&#8221;][\/vc_column][vc_column width=&#8221;1\/6&#8243; el_class=&#8221;image-card-home&#8221;][vc_column_text]\n<h2 style=\"text-align: center;\"><a href=\"https:\/\/www.ivanabeaumond.com.br\/vestidos-noiva\/vestidos-debutantes\/\"><span style=\"color: #a18300; font-size: 17px;\">DEBUTANTE<\/span><\/a><\/h2>\n[\/vc_column_text][vc_single_image image=&#8221;15376&#8243; img_size=&#8221;289&#215;362&#8243; alignment=&#8221;center&#8221; onclick=&#8221;custom_link&#8221; img_link_target=&#8221;_blank&#8221; css_animation=&#8221;fadeIn&#8221; link=&#8221;https:\/\/www.ivanabeaumond.com.br\/vestidos-noiva\/vestidos-debutantes\/&#8221;][vc_empty_space height=&#8221;20px&#8221;][\/vc_column][vc_column width=&#8221;1\/6&#8243; el_class=&#8221;image-card-home&#8221;][vc_column_text]\n<h2 style=\"text-align: center;\"><a href=\"https:\/\/www.ivanabeaumond.com.br\/vestidos-noiva\/vestidos-casamento-madrinha-festa-formatura\/\"><span style=\"color: #a18300; font-size: 17px;\">VESTIDOS DE FESTA<\/span><\/a><\/h2>\n[\/vc_column_text][vc_single_image image=&#8221;15375&#8243; img_size=&#8221;289&#215;362&#8243; alignment=&#8221;center&#8221; onclick=&#8221;custom_link&#8221; img_link_target=&#8221;_blank&#8221; css_animation=&#8221;fadeIn&#8221; link=&#8221;https:\/\/www.ivanabeaumond.com.br\/vestidos-noiva\/vestidos-casamento-madrinha-festa-formatura\/&#8221;][vc_empty_space height=&#8221;20px&#8221;][\/vc_column][vc_column width=&#8221;1\/6&#8243; el_class=&#8221;image-card-home&#8221;][vc_column_text]\n<h2 style=\"text-align: center;\"><a href=\"https:\/\/www.ivanabeaumond.com.br\/vestidos-noiva\/damas\/\"><span style=\"color: #a18300; font-size: 17px;\">DAMA DE HONRA<\/span><\/a><\/h2>\n[\/vc_column_text][vc_single_image image=&#8221;15374&#8243; img_size=&#8221;289&#215;362&#8243; alignment=&#8221;center&#8221; onclick=&#8221;custom_link&#8221; img_link_target=&#8221;_blank&#8221; css_animation=&#8221;fadeIn&#8221; link=&#8221;https:\/\/www.ivanabeaumond.com.br\/vestidos-noiva\/damas\/&#8221;][vc_empty_space height=&#8221;20px&#8221;][\/vc_column][vc_column width=&#8221;1\/6&#8243; el_class=&#8221;image-card-home&#8221;][vc_column_text]\n<h2 style=\"text-align: center;\"><a href=\"https:\/\/www.ivanabeaumond.com.br\/vestidos-noiva\/noivos-roupa-terno\/\"><span style=\"color: #a18300; font-size: 17px;\">TRAJES DE NOIVOS<\/span><\/a><\/h2>\n[\/vc_column_text][vc_single_image image=&#8221;15373&#8243; img_size=&#8221;289&#215;362&#8243; alignment=&#8221;center&#8221; onclick=&#8221;custom_link&#8221; img_link_target=&#8221;_blank&#8221; css_animation=&#8221;fadeIn&#8221; link=&#8221;https:\/\/www.ivanabeaumond.com.br\/vestidos-noiva\/noivos-roupa-terno\/&#8221;][vc_empty_space height=&#8221;20px&#8221;][\/vc_column][vc_column width=&#8221;1\/6&#8243; el_class=&#8221;image-card-home&#8221;][vc_column_text]\n<h2 style=\"text-align: center;\"><a href=\"https:\/\/www.ivanabeaumond.com.br\/vestidos-noiva\/acessorios\/\"><span style=\"color: #a18300; font-size: 17px;\">ACESS\u00d3RIOS<\/span><\/a><\/h2>\n[\/vc_column_text][vc_single_image image=&#8221;9248&#8243; img_size=&#8221;289&#215;362&#8243; alignment=&#8221;center&#8221; onclick=&#8221;custom_link&#8221; img_link_target=&#8221;_blank&#8221; css_animation=&#8221;fadeIn&#8221; link=&#8221;https:\/\/www.ivanabeaumond.com.br\/vestidos-noiva\/acessorios\/&#8221;][vc_empty_space height=&#8221;20px&#8221;][\/vc_column][\/vc_row][vc_row text_align=&#8221;center&#8221; css=&#8221;.vc_custom_1536690678711{background-color: #ffffe5 !important;}&#8221;][vc_column][vc_empty_space height=&#8221;20px&#8221;][\/vc_column][\/vc_row][vc_row css=&#8221;.vc_custom_1536775140377{background-color: #ffffe5 !important;}&#8221;][vc_column][vc_column_text]\n<h2><span style=\"color: #a18300;\">\u00daLTIMAS NOT\u00cdCIAS <\/span><\/h2>\n[\/vc_column_text][vc_separator color=&#8221;rgba(204,162,44,0.5)&#8221; up=&#8221;10&#8243; down=&#8221;20&#8243;]<div class='latest_post_holder'><ul><li class=\"three\"><div class=\"latest_post\"><a href=\"https:\/\/www.ivanabeaumond.com.br\/vestidos-noiva\/ivana-beaumond-e-entrevistada-pela-revista-isto-e-sobre-seu-novo-editorial-no-para\/\" class=\"latest_post_wrapper\"><img width=\"1024\" height=\"682\" src=\"https:\/\/www.ivanabeaumond.com.br\/vestidos-noiva\/wp-content\/uploads\/2022\/09\/bb9f50ec-82a8-42ef-bb7a-4d3f6d051bad-1.jpg\" class=\"attachment-full size-full wp-post-image\" alt=\"\" decoding=\"async\" loading=\"lazy\" srcset=\"https:\/\/www.ivanabeaumond.com.br\/vestidos-noiva\/wp-content\/uploads\/2022\/09\/bb9f50ec-82a8-42ef-bb7a-4d3f6d051bad-1.jpg 1024w, https:\/\/www.ivanabeaumond.com.br\/vestidos-noiva\/wp-content\/uploads\/2022\/09\/bb9f50ec-82a8-42ef-bb7a-4d3f6d051bad-1-300x200.jpg 300w, https:\/\/www.ivanabeaumond.com.br\/vestidos-noiva\/wp-content\/uploads\/2022\/09\/bb9f50ec-82a8-42ef-bb7a-4d3f6d051bad-1-768x512.jpg 768w, https:\/\/www.ivanabeaumond.com.br\/vestidos-noiva\/wp-content\/uploads\/2022\/09\/bb9f50ec-82a8-42ef-bb7a-4d3f6d051bad-1-480x320.jpg 480w\" sizes=\"(max-width: 1024px) 100vw, 1024px\" \/><\/a><div class=\"latest_post_text\"><div class=\"latest_post_inner\"><span class=\"post_infos\"><span class=\"date_holder\"><span class=\"date\">13 <\/span><span class=\"month\">setembro<\/span><\/span><span class=\"latest-vert-separator\">  |  <\/span><a class=\"post_author\" href=\"https:\/\/www.ivanabeaumond.com.br\/vestidos-noiva\/author\/ivana\/\">Ivana Beaumond Paris <\/a><span class=\"latest-vert-separator\">  |  <\/span> <a href=\"https:\/\/www.ivanabeaumond.com.br\/vestidos-noiva\/category\/home\/\">Home <\/a>  <a href=\"https:\/\/www.ivanabeaumond.com.br\/vestidos-noiva\/category\/na-midia\/\">Na M\u00eddia <\/a> <span class=\"latest-vert-separator\">  |  <\/span><a class=\"post_comments\" href=\"https:\/\/www.ivanabeaumond.com.br\/vestidos-noiva\/ivana-beaumond-e-entrevistada-pela-revista-isto-e-sobre-seu-novo-editorial-no-para\/#respond\">No comment<\/a><\/span><h5 class=\"latest_post_title\"><a href=\"https:\/\/www.ivanabeaumond.com.br\/vestidos-noiva\/ivana-beaumond-e-entrevistada-pela-revista-isto-e-sobre-seu-novo-editorial-no-para\/\">Ivana Beaumond \u00e9 destaque na m\u00eddia com seu novo editorial no Par\u00e1.<\/a><\/h5><\/div><\/div><\/div><\/li><li class=\"three\"><div class=\"latest_post\"><a href=\"https:\/\/www.ivanabeaumond.com.br\/vestidos-noiva\/materia-na-inesquecivel-15-anos-com-a-nossa-debutante-julia-mello\/\" class=\"latest_post_wrapper\"><img width=\"600\" height=\"400\" src=\"https:\/\/www.ivanabeaumond.com.br\/vestidos-noiva\/wp-content\/uploads\/2020\/06\/festa-de-15-anos-atelier-ivana-beaumond-paris-rj-tema-star-wars-5-e1593035568393.jpg\" class=\"attachment-full size-full wp-post-image\" alt=\"\" decoding=\"async\" loading=\"lazy\" \/><\/a><div class=\"latest_post_text\"><div class=\"latest_post_inner\"><span class=\"post_infos\"><span class=\"date_holder\"><span class=\"date\">29 <\/span><span class=\"month\">junho<\/span><\/span><span class=\"latest-vert-separator\">  |  <\/span><a class=\"post_author\" href=\"https:\/\/www.ivanabeaumond.com.br\/vestidos-noiva\/author\/ivana\/\">Ivana Beaumond Paris <\/a><span class=\"latest-vert-separator\">  |  <\/span> <a href=\"https:\/\/www.ivanabeaumond.com.br\/vestidos-noiva\/category\/blog\/\">Blog <\/a>  <a href=\"https:\/\/www.ivanabeaumond.com.br\/vestidos-noiva\/category\/home\/\">Home <\/a>  <a href=\"https:\/\/www.ivanabeaumond.com.br\/vestidos-noiva\/category\/na-midia\/\">Na M\u00eddia <\/a> <span class=\"latest-vert-separator\">  |  <\/span><a class=\"post_comments\" href=\"https:\/\/www.ivanabeaumond.com.br\/vestidos-noiva\/materia-na-inesquecivel-15-anos-com-a-nossa-debutante-julia-mello\/#respond\">No comment<\/a><\/span><h5 class=\"latest_post_title\"><a href=\"https:\/\/www.ivanabeaumond.com.br\/vestidos-noiva\/materia-na-inesquecivel-15-anos-com-a-nossa-debutante-julia-mello\/\">Mat\u00e9ria na Inesquec\u00edvel 15 Anos com a nossa debutante J\u00falia Mello<\/a><\/h5><\/div><\/div><\/div><\/li><li class=\"three\"><div class=\"latest_post\"><a href=\"https:\/\/www.ivanabeaumond.com.br\/vestidos-noiva\/looks-by-ivana-beaumond-paris-em-clipe-de-projota-ombrim\/\" class=\"latest_post_wrapper\"><img width=\"800\" height=\"533\" src=\"https:\/\/www.ivanabeaumond.com.br\/vestidos-noiva\/wp-content\/uploads\/2020\/06\/CLIPE-PROJOTA-TRAJES-IVANA-BEAUMOND-2-A.jpg\" class=\"attachment-full size-full wp-post-image\" alt=\"\" decoding=\"async\" loading=\"lazy\" srcset=\"https:\/\/www.ivanabeaumond.com.br\/vestidos-noiva\/wp-content\/uploads\/2020\/06\/CLIPE-PROJOTA-TRAJES-IVANA-BEAUMOND-2-A.jpg 800w, https:\/\/www.ivanabeaumond.com.br\/vestidos-noiva\/wp-content\/uploads\/2020\/06\/CLIPE-PROJOTA-TRAJES-IVANA-BEAUMOND-2-A-300x200.jpg 300w, https:\/\/www.ivanabeaumond.com.br\/vestidos-noiva\/wp-content\/uploads\/2020\/06\/CLIPE-PROJOTA-TRAJES-IVANA-BEAUMOND-2-A-480x320.jpg 480w\" sizes=\"(max-width: 800px) 100vw, 800px\" \/><\/a><div class=\"latest_post_text\"><div class=\"latest_post_inner\"><span class=\"post_infos\"><span class=\"date_holder\"><span class=\"date\">11 <\/span><span class=\"month\">junho<\/span><\/span><span class=\"latest-vert-separator\">  |  <\/span><a class=\"post_author\" href=\"https:\/\/www.ivanabeaumond.com.br\/vestidos-noiva\/author\/ivana\/\">Ivana Beaumond Paris <\/a><span class=\"latest-vert-separator\">  |  <\/span> <a href=\"https:\/\/www.ivanabeaumond.com.br\/vestidos-noiva\/category\/blog\/\">Blog <\/a>  <a href=\"https:\/\/www.ivanabeaumond.com.br\/vestidos-noiva\/category\/home\/\">Home <\/a>  <a href=\"https:\/\/www.ivanabeaumond.com.br\/vestidos-noiva\/category\/na-midia\/\">Na M\u00eddia <\/a> <span class=\"latest-vert-separator\">  |  <\/span><a class=\"post_comments\" href=\"https:\/\/www.ivanabeaumond.com.br\/vestidos-noiva\/looks-by-ivana-beaumond-paris-em-clipe-de-projota-ombrim\/#respond\">No comment<\/a><\/span><h5 class=\"latest_post_title\"><a href=\"https:\/\/www.ivanabeaumond.com.br\/vestidos-noiva\/looks-by-ivana-beaumond-paris-em-clipe-de-projota-ombrim\/\">Looks by Ivana Beaumond em clipe do Rapper Projota.<\/a><\/h5><\/div><\/div><\/div><\/li><span class=\"latest_post_clear\"><\/span><li class=\"three\"><div class=\"latest_post\"><a href=\"https:\/\/www.ivanabeaumond.com.br\/vestidos-noiva\/ivana-beaumond-marca-presenca-no-baile-do-copacabana-palace-2020\/\" class=\"latest_post_wrapper\"><img width=\"600\" height=\"402\" src=\"https:\/\/www.ivanabeaumond.com.br\/vestidos-noiva\/wp-content\/uploads\/2020\/02\/ivana-beaumond-no-baile-do-copa-2020-vestido-de-noiva-rj-e1582834624975.jpg\" class=\"attachment-full size-full wp-post-image\" alt=\"\" decoding=\"async\" loading=\"lazy\" \/><\/a><div class=\"latest_post_text\"><div class=\"latest_post_inner\"><span class=\"post_infos\"><span class=\"date_holder\"><span class=\"date\">27 <\/span><span class=\"month\">fevereiro<\/span><\/span><span class=\"latest-vert-separator\">  |  <\/span><a class=\"post_author\" href=\"https:\/\/www.ivanabeaumond.com.br\/vestidos-noiva\/author\/ivana\/\">Ivana Beaumond Paris <\/a><span class=\"latest-vert-separator\">  |  <\/span> <a href=\"https:\/\/www.ivanabeaumond.com.br\/vestidos-noiva\/category\/blog\/\">Blog <\/a>  <a href=\"https:\/\/www.ivanabeaumond.com.br\/vestidos-noiva\/category\/home\/\">Home <\/a>  <a href=\"https:\/\/www.ivanabeaumond.com.br\/vestidos-noiva\/category\/na-midia\/\">Na M\u00eddia <\/a> <span class=\"latest-vert-separator\">  |  <\/span><a class=\"post_comments\" href=\"https:\/\/www.ivanabeaumond.com.br\/vestidos-noiva\/ivana-beaumond-marca-presenca-no-baile-do-copacabana-palace-2020\/#respond\">No comment<\/a><\/span><h5 class=\"latest_post_title\"><a href=\"https:\/\/www.ivanabeaumond.com.br\/vestidos-noiva\/ivana-beaumond-marca-presenca-no-baile-do-copacabana-palace-2020\/\">Ivana Beaumond marca presen\u00e7a no Baile do Copacabana Palace 2020<\/a><\/h5><\/div><\/div><\/div><\/li><\/ul><\/div>[vc_separator color=&#8221;rgba(204,162,44,0.5)&#8221; up=&#8221;0&#8243; down=&#8221;5&#8243;][vc_empty_space height=&#8221;20px&#8221;][\/vc_column][\/vc_row][vc_row text_align=&#8221;center&#8221; css=&#8221;.vc_custom_1536690694243{background-color: #ffffe5 !important;}&#8221;][vc_column width=&#8221;1\/3&#8243;][vc_column_text css=&#8221;.vc_custom_1522075425674{padding-top: 5px !important;padding-right: 5px !important;padding-bottom: 5px !important;padding-left: 5px !important;background-color: #c3b16f !important;}&#8221;]\n<h2 style=\"text-align: center;\"><span style=\"color: #ffffff; font-size: 25px;\">O ATELIER<\/span><\/h2>\n[\/vc_column_text][vc_empty_space height=&#8221;10px&#8221;][vc_row_inner][vc_column_inner][vc_single_image image=&#8221;14573&#8243; img_size=&#8221;full&#8221; alignment=&#8221;center&#8221; onclick=&#8221;custom_link&#8221; link=&#8221;https:\/\/www.ivanabeaumond.com.br\/vestidos-noiva\/atelier-ivana-beaumond\/&#8221;][vc_column_text]\n<h4 style=\"text-align: justify; font-size: 14px;\"><span style=\"color: #4f4f4f;\">H\u00e1 mais de 20 anos, o Atelier Ivana Beaumond, vem encantando noivas, madrinhas e convidadas com modelos exclusivos em diversos estilos.&nbsp;<a href=\"https:\/\/www.ivanabeaumond.com.br\/vestidos-noiva\/atelier-ivana-beaumond\/\">Saiba mais<\/a><\/span><\/h4>\n[\/vc_column_text][vc_empty_space][\/vc_column_inner][\/vc_row_inner][\/vc_column][vc_column width=&#8221;2\/3&#8243;][vc_column_text css=&#8221;.vc_custom_1522075435080{padding-top: 5px !important;padding-right: 5px !important;padding-bottom: 5px !important;padding-left: 5px !important;background-color: #c3b16f !important;}&#8221;]\n<h2 style=\"text-align: center;\"><span style=\"color: #ffffff; font-size: 25px;\">NOS ACOMPANHE NAS REDES SOCIAIS<\/span><\/h2>\n[\/vc_column_text][vc_empty_space height=&#8221;10px&#8221;][vc_row_inner][vc_column_inner width=&#8221;1\/2&#8243;][vc_column_text]\n            <div \n                class=\"elfsight-widget-instagram-feed elfsight-widget\" \n                data-elfsight-instagram-feed-options=\"%7B%22apiChangesMessage%22%3Anull%2C%22sourceType%22%3A%22personalAccount%22%2C%22source%22%3A%5B%22%40ivanabeaumond%22%5D%2C%22personalAccessToken%22%3A%22e51a795f-7559-4077-9f91-ed08c751175a%22%2C%22businessAccessToken%22%3A%22%22%2C%22businessAccount%22%3Anull%2C%22position%22%3A%22%22%2C%22businessHashtag%22%3A%22%23eiffeltower%22%2C%22filterOnly%22%3A%5B%5D%2C%22filterExcept%22%3A%5B%5D%2C%22limit%22%3A0%2C%22order%22%3A%22date%22%2C%22layout%22%3A%22slider%22%2C%22postTemplate%22%3A%22tile%22%2C%22columns%22%3A2%2C%22rows%22%3A2%2C%22gutter%22%3A10%2C%22responsive%22%3A%5B%7B%22minWidth%22%3A375%2C%22columns%22%3A1%2C%22rows%22%3A1%2C%22gutter%22%3A%2210%22%7D%2C%7B%22minWidth%22%3A768%2C%22columns%22%3A%221%22%2C%22rows%22%3A%221%22%2C%22gutter%22%3A%2210%22%7D%5D%2C%22width%22%3A%22auto%22%2C%22callToActionButtons%22%3A%5B%7B%22postUrl%22%3A%22https%3A%5C%2F%5C%2Fwww.instagram.com%5C%2Fp%5C%2FBmr7eH0nyxQ%5C%2F%22%2C%22buttonLabel%22%3A%22Install%20Instagram%20Feed%20now%22%2C%22buttonLink%22%3A%22https%3A%5C%2F%5C%2Felfsight.com%5C%2Finstagram-feed-instashow%5C%2F%22%7D%2C%7B%22postUrl%22%3A%22https%3A%5C%2F%5C%2Fwww.instagram.com%5C%2Fp%5C%2FBmgZy5FnnQB%5C%2F%22%2C%22buttonLabel%22%3A%22Install%20Instagram%20Feed%20now%22%2C%22buttonLink%22%3A%22https%3A%5C%2F%5C%2Felfsight.com%5C%2Finstagram-feed-instashow%5C%2F%22%7D%2C%7B%22postUrl%22%3A%22https%3A%5C%2F%5C%2Fwww.instagram.com%5C%2Fp%5C%2FBmbbCfBndRU%5C%2F%22%2C%22buttonLabel%22%3A%22Install%20Instagram%20Feed%20now%22%2C%22buttonLink%22%3A%22https%3A%5C%2F%5C%2Felfsight.com%5C%2Finstagram-feed-instashow%5C%2F%22%7D%5D%2C%22postElements%22%3A%5B%22user%22%2C%22date%22%2C%22instagramLink%22%2C%22likesCount%22%2C%22commentsCount%22%2C%22share%22%2C%22text%22%5D%2C%22popupElements%22%3A%5B%22user%22%2C%22location%22%2C%22followButton%22%2C%22instagramLink%22%2C%22likesCount%22%2C%22share%22%2C%22text%22%2C%22comments%22%2C%22date%22%5D%2C%22imageClickAction%22%3A%22popup%22%2C%22sliderArrows%22%3Atrue%2C%22sliderDrag%22%3Atrue%2C%22sliderSpeed%22%3A0.6%2C%22sliderAutoplay%22%3A%22%22%2C%22colorScheme%22%3A%22default%22%2C%22colorPostOverlayBg%22%3A%22rgba%280%2C%200%2C%200%2C%200.8%29%22%2C%22colorPostOverlayText%22%3A%22rgb%28255%2C%20255%2C%20255%29%22%2C%22colorPostBg%22%3A%22rgb%28255%2C%20255%2C%20255%29%22%2C%22colorPostText%22%3A%22rgb%280%2C%200%2C%200%29%22%2C%22colorPostLinks%22%3A%22rgb%280%2C%2053%2C%20107%29%22%2C%22colorSliderArrows%22%3A%22rgb%28255%2C%20255%2C%20255%29%22%2C%22colorSliderArrowsBg%22%3A%22rgba%280%2C%200%2C%200%2C%200.9%29%22%2C%22colorGridLoadMoreButton%22%3A%22rgb%2856%2C%20151%2C%20240%29%22%2C%22colorPopupOverlay%22%3A%22rgba%2843%2C%2043%2C%2043%2C%200.9%29%22%2C%22colorPopupBg%22%3A%22rgb%28255%2C%20255%2C%20255%29%22%2C%22colorPopupText%22%3A%22rgb%280%2C%200%2C%200%29%22%2C%22colorPopupLinks%22%3A%22rgb%280%2C%2053%2C%20105%29%22%2C%22colorPopupFollowButton%22%3A%22rgb%2856%2C%20151%2C%20240%29%22%2C%22colorPopupCtaButton%22%3A%22rgb%2856%2C%20151%2C%20240%29%22%2C%22widgetTitle%22%3A%22%22%2C%22lang%22%3A%22pt-BR%22%2C%22apiUrl%22%3A%22https%3A%5C%2F%5C%2Fwww.ivanabeaumond.com.br%5C%2Fvestidos-noiva%5C%2Fwp-json%5C%2Felfsight-instagram-feed%5C%2Fapi%22%2C%22apiProxyUrl%22%3A%22https%3A%5C%2F%5C%2Fwww.ivanabeaumond.com.br%5C%2Fvestidos-noiva%5C%2Fwp-json%5C%2Felfsight-instagram-feed%22%2C%22widgetId%22%3A%221%22%7D\" \n                data-elfsight-instagram-feed-version=\"4.0.1\"\n                data-elfsight-widget-id=\"elfsight-instagram-feed-1\">\n            <\/div>\n            [\/vc_column_text][vc_empty_space][\/vc_column_inner][vc_column_inner width=&#8221;1\/2&#8243;][vc_raw_html]JTNDZGl2JTIwY2xhc3MlM0QlMjJmYi1wYWdlJTIyJTIwZGF0YS1ocmVmJTNEJTIyaHR0cHMlM0ElMkYlMkZ3d3cuZmFjZWJvb2suY29tJTJGSXZhbmFCZWF1bW9uZCUyRiUyMiUyMGRhdGEtdGFicyUzRCUyMnRpbWVsaW5lJTIyJTIwZGF0YS13aWR0aCUzRCUyMjMzOCUyMiUyMGRhdGEtaGVpZ2h0JTNEJTIyMzc3JTIyJTIwZGF0YS1zbWFsbC1oZWFkZXIlM0QlMjJ0cnVlJTIyJTIwZGF0YS1hZGFwdC1jb250YWluZXItd2lkdGglM0QlMjJ0cnVlJTIyJTIwZGF0YS1oaWRlLWNvdmVyJTNEJTIyZmFsc2UlMjIlMjBkYXRhLXNob3ctZmFjZXBpbGUlM0QlMjJ0cnVlJTIyJTNFJTNDYmxvY2txdW90ZSUyMGNpdGUlM0QlMjJodHRwcyUzQSUyRiUyRnd3dy5mYWNlYm9vay5jb20lMkZJdmFuYUJlYXVtb25kJTJGJTIyJTIwY2xhc3MlM0QlMjJmYi14ZmJtbC1wYXJzZS1pZ25vcmUlMjIlM0UlM0NhJTIwaHJlZiUzRCUyMmh0dHBzJTNBJTJGJTJGd3d3LmZhY2Vib29rLmNvbSUyRkl2YW5hQmVhdW1vbmQlMkYlMjIlM0VJdmFuYSUyMEJlYXVtb25kJTIwTW9kYSUyME5vaXZhJTNDJTJGYSUzRSUzQyUyRmJsb2NrcXVvdGUlM0UlM0MlMkZkaXYlM0U=[\/vc_raw_html][vc_empty_space][\/vc_column_inner][\/vc_row_inner][\/vc_column][\/vc_row][vc_row css=&#8221;.vc_custom_1517524002765{background-color: #ffffe5 !important;}&#8221;][vc_column][\/vc_column][\/vc_row]\n\n<!-- wp:html \/-->\t\t\t\t\t\t<\/div>\n\t\t\t\t<\/div>\n\t\t\t\t\t<\/div>\n\t\t<\/div>\n\t\t\t\t\t\t\t<\/div>\n\t\t<\/section>\n\t\t\t\t\t\t\t<\/div>\n\t\t","protected":false},"excerpt":{"rendered":"<p>&times; Clique aqui para AlugarVestidos de Noiva Clique aqui para&#8230;<\/p>\n","protected":false},"author":4,"featured_media":0,"parent":0,"menu_order":0,"comment_status":"closed","ping_status":"closed","template":"","meta":[],"yoast_head":"<!-- This site is optimized with the Yoast SEO plugin v20.3 - https:\/\/yoast.com\/wordpress\/plugins\/seo\/ -->\n<title>HOME - Vestido de Noiva RJ<\/title>\n<meta name=\"robots\" content=\"index, follow, max-snippet:-1, max-image-preview:large, max-video-preview:-1\" \/>\n<link rel=\"canonical\" href=\"https:\/\/www.ivanabeaumond.com.br\/vestidos-noiva\/\" \/>\n<meta property=\"og:locale\" content=\"pt_BR\" \/>\n<meta property=\"og:type\" content=\"article\" \/>\n<meta property=\"og:title\" content=\"HOME - Vestido de Noiva RJ\" \/>\n<meta property=\"og:description\" content=\"&times; Clique aqui para AlugarVestidos de Noiva Clique aqui para...\" \/>\n<meta property=\"og:url\" content=\"https:\/\/www.ivanabeaumond.com.br\/vestidos-noiva\/\" \/>\n<meta property=\"og:site_name\" content=\"Vestido de Noiva RJ\" \/>\n<meta property=\"article:publisher\" content=\"https:\/\/www.facebook.com\/ivana.beaumondnoivas\" \/>\n<meta property=\"article:modified_time\" content=\"2024-12-24T17:47:38+00:00\" \/>\n<meta property=\"og:image\" content=\"https:\/\/www.ivanabeaumond.com.br\/vestidos-noiva\/wp-content\/uploads\/2023\/07\/homeimage-scaled.jpg\" \/>\n<meta name=\"twitter:card\" content=\"summary_large_image\" \/>\n<meta name=\"twitter:label1\" content=\"Est. tempo de leitura\" \/>\n\t<meta name=\"twitter:data1\" content=\"5 minutos\" \/>\n<script type=\"application\/ld+json\" class=\"yoast-schema-graph\">{\"@context\":\"https:\/\/schema.org\",\"@graph\":[{\"@type\":\"WebPage\",\"@id\":\"https:\/\/www.ivanabeaumond.com.br\/vestidos-noiva\/\",\"url\":\"https:\/\/www.ivanabeaumond.com.br\/vestidos-noiva\/\",\"name\":\"HOME - Vestido de Noiva RJ\",\"isPartOf\":{\"@id\":\"https:\/\/www.ivanabeaumond.com.br\/vestidos-noiva\/#website\"},\"datePublished\":\"2018-09-11T17:34:38+00:00\",\"dateModified\":\"2024-12-24T17:47:38+00:00\",\"breadcrumb\":{\"@id\":\"https:\/\/www.ivanabeaumond.com.br\/vestidos-noiva\/#breadcrumb\"},\"inLanguage\":\"pt-BR\",\"potentialAction\":[{\"@type\":\"ReadAction\",\"target\":[\"https:\/\/www.ivanabeaumond.com.br\/vestidos-noiva\/\"]}]},{\"@type\":\"BreadcrumbList\",\"@id\":\"https:\/\/www.ivanabeaumond.com.br\/vestidos-noiva\/#breadcrumb\",\"itemListElement\":[{\"@type\":\"ListItem\",\"position\":1,\"name\":\"In\u00edcio\",\"item\":\"https:\/\/www.ivanabeaumond.com.br\/vestidos-noiva\/\"},{\"@type\":\"ListItem\",\"position\":2,\"name\":\"HOME\"}]},{\"@type\":\"WebSite\",\"@id\":\"https:\/\/www.ivanabeaumond.com.br\/vestidos-noiva\/#website\",\"url\":\"https:\/\/www.ivanabeaumond.com.br\/vestidos-noiva\/\",\"name\":\"Vestido de Noiva RJ\",\"description\":\"Moda Noiva\",\"publisher\":{\"@id\":\"https:\/\/www.ivanabeaumond.com.br\/vestidos-noiva\/#organization\"},\"potentialAction\":[{\"@type\":\"SearchAction\",\"target\":{\"@type\":\"EntryPoint\",\"urlTemplate\":\"https:\/\/www.ivanabeaumond.com.br\/vestidos-noiva\/?s={search_term_string}\"},\"query-input\":\"required name=search_term_string\"}],\"inLanguage\":\"pt-BR\"},{\"@type\":\"Organization\",\"@id\":\"https:\/\/www.ivanabeaumond.com.br\/vestidos-noiva\/#organization\",\"name\":\"Vestido de Noiva RJ\",\"url\":\"https:\/\/www.ivanabeaumond.com.br\/vestidos-noiva\/\",\"logo\":{\"@type\":\"ImageObject\",\"inLanguage\":\"pt-BR\",\"@id\":\"https:\/\/www.ivanabeaumond.com.br\/vestidos-noiva\/#\/schema\/logo\/image\/\",\"url\":\"https:\/\/www.ivanabeaumond.com.br\/vestidos-noiva\/wp-content\/uploads\/2018\/02\/logo_ivana_beaumond-2.png\",\"contentUrl\":\"https:\/\/www.ivanabeaumond.com.br\/vestidos-noiva\/wp-content\/uploads\/2018\/02\/logo_ivana_beaumond-2.png\",\"width\":230,\"height\":112,\"caption\":\"Vestido de Noiva RJ\"},\"image\":{\"@id\":\"https:\/\/www.ivanabeaumond.com.br\/vestidos-noiva\/#\/schema\/logo\/image\/\"},\"sameAs\":[\"https:\/\/www.facebook.com\/ivana.beaumondnoivas\",\"https:\/\/www.instagram.com\/ivanabeaumond\/\",\"https:\/\/www.tiktok.com\/@ivanabeaumond\"]}]}<\/script>\n<!-- \/ Yoast SEO plugin. -->","yoast_head_json":{"title":"HOME - Vestido de Noiva RJ","robots":{"index":"index","follow":"follow","max-snippet":"max-snippet:-1","max-image-preview":"max-image-preview:large","max-video-preview":"max-video-preview:-1"},"canonical":"https:\/\/www.ivanabeaumond.com.br\/vestidos-noiva\/","og_locale":"pt_BR","og_type":"article","og_title":"HOME - Vestido de Noiva RJ","og_description":"&times; Clique aqui para AlugarVestidos de Noiva Clique aqui para...","og_url":"https:\/\/www.ivanabeaumond.com.br\/vestidos-noiva\/","og_site_name":"Vestido de Noiva RJ","article_publisher":"https:\/\/www.facebook.com\/ivana.beaumondnoivas","article_modified_time":"2024-12-24T17:47:38+00:00","og_image":[{"url":"https:\/\/www.ivanabeaumond.com.br\/vestidos-noiva\/wp-content\/uploads\/2023\/07\/homeimage-scaled.jpg"}],"twitter_card":"summary_large_image","twitter_misc":{"Est. tempo de leitura":"5 minutos"},"schema":{"@context":"https:\/\/schema.org","@graph":[{"@type":"WebPage","@id":"https:\/\/www.ivanabeaumond.com.br\/vestidos-noiva\/","url":"https:\/\/www.ivanabeaumond.com.br\/vestidos-noiva\/","name":"HOME - Vestido de Noiva RJ","isPartOf":{"@id":"https:\/\/www.ivanabeaumond.com.br\/vestidos-noiva\/#website"},"datePublished":"2018-09-11T17:34:38+00:00","dateModified":"2024-12-24T17:47:38+00:00","breadcrumb":{"@id":"https:\/\/www.ivanabeaumond.com.br\/vestidos-noiva\/#breadcrumb"},"inLanguage":"pt-BR","potentialAction":[{"@type":"ReadAction","target":["https:\/\/www.ivanabeaumond.com.br\/vestidos-noiva\/"]}]},{"@type":"BreadcrumbList","@id":"https:\/\/www.ivanabeaumond.com.br\/vestidos-noiva\/#breadcrumb","itemListElement":[{"@type":"ListItem","position":1,"name":"In\u00edcio","item":"https:\/\/www.ivanabeaumond.com.br\/vestidos-noiva\/"},{"@type":"ListItem","position":2,"name":"HOME"}]},{"@type":"WebSite","@id":"https:\/\/www.ivanabeaumond.com.br\/vestidos-noiva\/#website","url":"https:\/\/www.ivanabeaumond.com.br\/vestidos-noiva\/","name":"Vestido de Noiva RJ","description":"Moda Noiva","publisher":{"@id":"https:\/\/www.ivanabeaumond.com.br\/vestidos-noiva\/#organization"},"potentialAction":[{"@type":"SearchAction","target":{"@type":"EntryPoint","urlTemplate":"https:\/\/www.ivanabeaumond.com.br\/vestidos-noiva\/?s={search_term_string}"},"query-input":"required name=search_term_string"}],"inLanguage":"pt-BR"},{"@type":"Organization","@id":"https:\/\/www.ivanabeaumond.com.br\/vestidos-noiva\/#organization","name":"Vestido de Noiva RJ","url":"https:\/\/www.ivanabeaumond.com.br\/vestidos-noiva\/","logo":{"@type":"ImageObject","inLanguage":"pt-BR","@id":"https:\/\/www.ivanabeaumond.com.br\/vestidos-noiva\/#\/schema\/logo\/image\/","url":"https:\/\/www.ivanabeaumond.com.br\/vestidos-noiva\/wp-content\/uploads\/2018\/02\/logo_ivana_beaumond-2.png","contentUrl":"https:\/\/www.ivanabeaumond.com.br\/vestidos-noiva\/wp-content\/uploads\/2018\/02\/logo_ivana_beaumond-2.png","width":230,"height":112,"caption":"Vestido de Noiva RJ"},"image":{"@id":"https:\/\/www.ivanabeaumond.com.br\/vestidos-noiva\/#\/schema\/logo\/image\/"},"sameAs":["https:\/\/www.facebook.com\/ivana.beaumondnoivas","https:\/\/www.instagram.com\/ivanabeaumond\/","https:\/\/www.tiktok.com\/@ivanabeaumond"]}]}},"_links":{"self":[{"href":"https:\/\/www.ivanabeaumond.com.br\/vestidos-noiva\/wp-json\/wp\/v2\/pages\/15368"}],"collection":[{"href":"https:\/\/www.ivanabeaumond.com.br\/vestidos-noiva\/wp-json\/wp\/v2\/pages"}],"about":[{"href":"https:\/\/www.ivanabeaumond.com.br\/vestidos-noiva\/wp-json\/wp\/v2\/types\/page"}],"author":[{"embeddable":true,"href":"https:\/\/www.ivanabeaumond.com.br\/vestidos-noiva\/wp-json\/wp\/v2\/users\/4"}],"replies":[{"embeddable":true,"href":"https:\/\/www.ivanabeaumond.com.br\/vestidos-noiva\/wp-json\/wp\/v2\/comments?post=15368"}],"version-history":[{"count":237,"href":"https:\/\/www.ivanabeaumond.com.br\/vestidos-noiva\/wp-json\/wp\/v2\/pages\/15368\/revisions"}],"predecessor-version":[{"id":147802,"href":"https:\/\/www.ivanabeaumond.com.br\/vestidos-noiva\/wp-json\/wp\/v2\/pages\/15368\/revisions\/147802"}],"wp:attachment":[{"href":"https:\/\/www.ivanabeaumond.com.br\/vestidos-noiva\/wp-json\/wp\/v2\/media?parent=15368"}],"curies":[{"name":"wp","href":"https:\/\/api.w.org\/{rel}","templated":true}]}}